{"id":14,"date":"2023-11-20T11:44:45","date_gmt":"2023-11-20T11:44:45","guid":{"rendered":"https:\/\/simexmin.org.br\/2024\/?page_id=14"},"modified":"2025-09-01T20:05:38","modified_gmt":"2025-09-01T20:05:38","slug":"programa-oficial","status":"publish","type":"page","link":"https:\/\/metalogenia.org.br\/2025\/programa-oficial\/","title":{"rendered":"Programa oficial"},"content":{"rendered":"[et_pb_section fb_built=&#8221;1&#8243; fullwidth=&#8221;on&#8221; _builder_version=&#8221;4.27.4&#8243; _module_preset=&#8221;default&#8221; bottom_divider_color=&#8221;#fbfae8&#8243; bottom_divider_height=&#8221;50px&#8221; global_colors_info=&#8221;{}&#8221;][et_pb_fullwidth_header title=&#8221;PROGRAMA\u00c7\u00c3O T\u00c9CNICO-CIENT\u00cdFICA&#8221; _builder_version=&#8221;4.27.4&#8243; _module_preset=&#8221;default&#8221; title_font=&#8221;|800|||||||&#8221; title_text_align=&#8221;center&#8221; title_font_size=&#8221;48px&#8221; background_color=&#8221;#157176&#8243; background_image=&#8221;https:\/\/metalogenia.org.br\/2025\/wp-content\/uploads\/2025\/04\/topo-pag-internas.jpg&#8221; custom_padding=&#8221;55px||49px|||&#8221; title_font_size_tablet=&#8221;48px&#8221; title_font_size_phone=&#8221;33px&#8221; title_font_size_last_edited=&#8221;on|phone&#8221; title_text_shadow_style=&#8221;preset2&#8243; global_colors_info=&#8221;{}&#8221;][\/et_pb_fullwidth_header][\/et_pb_section][et_pb_section fb_built=&#8221;1&#8243; _builder_version=&#8221;4.27.4&#8243; _module_preset=&#8221;default&#8221; background_image=&#8221;https:\/\/metalogenia.org.br\/2025\/wp-content\/uploads\/2025\/04\/bg-pedra-claro.jpg&#8221; parallax=&#8221;on&#8221; parallax_method=&#8221;off&#8221; background_blend=&#8221;multiply&#8221; custom_padding=&#8221;0px|||||&#8221; global_colors_info=&#8221;{}&#8221;][et_pb_row _builder_version=&#8221;4.27.4&#8243; _module_preset=&#8221;default&#8221; custom_margin=&#8221;||||false|false&#8221; custom_padding=&#8221;||0px||false|false&#8221; global_colors_info=&#8221;{}&#8221;][et_pb_column type=&#8221;4_4&#8243; _builder_version=&#8221;4.27.4&#8243; _module_preset=&#8221;default&#8221; global_colors_info=&#8221;{}&#8221;][et_pb_divider color=&#8221;#D99848&#8243; divider_weight=&#8221;6px&#8221; _builder_version=&#8221;4.27.4&#8243; _module_preset=&#8221;default&#8221; custom_margin=&#8221;-27px||||false|false&#8221; custom_padding=&#8221;0px||0px||false|false&#8221; global_colors_info=&#8221;{}&#8221;][\/et_pb_divider][\/et_pb_column][\/et_pb_row][et_pb_row disabled_on=&#8221;on|on|on&#8221; _builder_version=&#8221;4.27.4&#8243; _module_preset=&#8221;default&#8221; custom_padding=&#8221;30px||||false|false&#8221; disabled=&#8221;on&#8221; global_colors_info=&#8221;{}&#8221;][et_pb_column type=&#8221;4_4&#8243; _builder_version=&#8221;4.27.4&#8243; _module_preset=&#8221;default&#8221; global_colors_info=&#8221;{}&#8221;][et_pb_text _builder_version=&#8221;4.27.4&#8243; _module_preset=&#8221;default&#8221; link_text_color=&#8221;#157176&#8243; header_text_color=&#8221;#A6672E&#8221; header_2_text_color=&#8221;#A6672E&#8221; header_2_font_size=&#8221;22px&#8221; global_colors_info=&#8221;{}&#8221;]\n<p>A programa\u00e7\u00e3o do evento ser\u00e1 constitu\u00edda por palestras de pesquisadores nacionais e internacionais, apresenta\u00e7\u00f5es orais e sess\u00e3o p\u00f4ster norteadas pelos seguintes eixos tem\u00e1ticos:<\/p>\n[\/et_pb_text][\/et_pb_column][\/et_pb_row][et_pb_row _builder_version=&#8221;4.27.4&#8243; _module_preset=&#8221;default&#8221; global_colors_info=&#8221;{}&#8221;][et_pb_column type=&#8221;4_4&#8243; _builder_version=&#8221;4.27.4&#8243; _module_preset=&#8221;default&#8221; global_colors_info=&#8221;{}&#8221;][et_pb_button button_url=&#8221;https:\/\/metalogenia.org.br\/2025\/apresentacoes\/&#8221; button_text=&#8221;CLIQUE AQUI E BAIXE AS APRESENTA\u00c7\u00d5ES DISPON\u00cdVEIS&#8221; button_alignment=&#8221;center&#8221; disabled_on=&#8221;off|off|off&#8221; _builder_version=&#8221;4.27.4&#8243; _module_preset=&#8221;default&#8221; custom_button=&#8221;on&#8221; button_text_size=&#8221;28px&#8221; button_text_color=&#8221;#FFFFFF&#8221; button_bg_color=&#8221;#157176&#8243; button_border_color=&#8221;#157176&#8243; button_border_radius=&#8221;27px&#8221; button_font=&#8221;|700|||||||&#8221; custom_margin=&#8221;14px|||||&#8221; hover_enabled=&#8221;0&#8243; button_text_size_tablet=&#8221;28px&#8221; button_text_size_phone=&#8221;20px&#8221; button_text_size_last_edited=&#8221;on|phone&#8221; global_colors_info=&#8221;{}&#8221; button_text_color__hover_enabled=&#8221;on|hover&#8221; button_text_color__hover=&#8221;#FFFFFF&#8221; button_bg_color__hover_enabled=&#8221;on|hover&#8221; button_bg_color__hover=&#8221;#A6672E&#8221; button_bg_enable_color__hover=&#8221;on&#8221; button_border_color__hover_enabled=&#8221;on|hover&#8221; button_border_color__hover=&#8221;#A6672E&#8221; sticky_enabled=&#8221;0&#8243;][\/et_pb_button][et_pb_button button_url=&#8221;https:\/\/metalogenia.org.br\/2025\/arquivos\/caderno-programa.pdf&#8221; url_new_window=&#8221;on&#8221; button_text=&#8221;CLIQUE AQUI E ACESSE O PROGRAMA OFICIAL DO EVENTO&#8221; button_alignment=&#8221;center&#8221; disabled_on=&#8221;off|off|off&#8221; _builder_version=&#8221;4.27.4&#8243; _module_preset=&#8221;default&#8221; custom_button=&#8221;on&#8221; button_text_size=&#8221;28px&#8221; button_text_color=&#8221;#FFFFFF&#8221; button_bg_color=&#8221;#157176&#8243; button_border_color=&#8221;#157176&#8243; button_border_radius=&#8221;27px&#8221; button_font=&#8221;|700|||||||&#8221; custom_margin=&#8221;14px|||||&#8221; button_text_size_tablet=&#8221;28px&#8221; button_text_size_phone=&#8221;20px&#8221; button_text_size_last_edited=&#8221;on|phone&#8221; global_colors_info=&#8221;{}&#8221; button_text_color__hover_enabled=&#8221;on|hover&#8221; button_text_color__hover=&#8221;#FFFFFF&#8221; button_bg_color__hover_enabled=&#8221;on|hover&#8221; button_bg_color__hover=&#8221;#A6672E&#8221; button_bg_enable_color__hover=&#8221;on&#8221; button_border_color__hover_enabled=&#8221;on|hover&#8221; button_border_color__hover=&#8221;#A6672E&#8221;][\/et_pb_button][\/et_pb_column][\/et_pb_row][et_pb_row disabled_on=&#8221;on|on|on&#8221; _builder_version=&#8221;4.27.4&#8243; _module_preset=&#8221;default&#8221; disabled=&#8221;on&#8221; global_colors_info=&#8221;{}&#8221;][et_pb_column type=&#8221;4_4&#8243; _builder_version=&#8221;4.27.4&#8243; _module_preset=&#8221;default&#8221; global_colors_info=&#8221;{}&#8221;][et_pb_toggle title=&#8221;Dia 18 de agosto&#8221; open_toggle_text_color=&#8221;#A6672E&#8221; open_toggle_background_color=&#8221;rgba(255,255,255,0.5)&#8221; closed_toggle_background_color=&#8221;#A6672E&#8221; icon_color=&#8221;#FFFFFF&#8221; use_icon_font_size=&#8221;on&#8221; icon_font_size=&#8221;29px&#8221; _builder_version=&#8221;4.27.4&#8243; _module_preset=&#8221;default&#8221; title_text_color=&#8221;#FFFFFF&#8221; title_font_size=&#8221;30px&#8221; global_colors_info=&#8221;{}&#8221;]\n<h3>Eixos tem\u00e1ticos:<\/h3>\n<h3><span style=\"color: #008080;\">I. Dep\u00f3sitos de minerais da transi\u00e7\u00e3o energ\u00e9tica e seguran\u00e7a alimentar: da g\u00eanese ao beneficiamento<\/span><\/h3>\n<h3><span style=\"color: #008080;\">II. Avan\u00e7os na caracteriza\u00e7\u00e3o tecnol\u00f3gica de min\u00e9rios e na economia circular aplicada \u00e0 pesquisa e produ\u00e7\u00e3o mineral<\/span><\/h3>\n<p><em><strong><\/strong><\/em><\/p>\n<p><span style=\"color: #993300;\"><strong>PALESTRA I:<\/strong><strong> Ore Formation in the Zambia Copperbelt: From the Classic to the Contentious<\/strong><\/span><br \/><em><strong>Stephen Roberts<\/strong><\/em><br \/><em>SEG \u00b4s Thayer Lindsley Visiting Lecturer University of Southampton (UK)<\/em><\/p>\n<p><span style=\"color: #993300;\"><strong>PALESTRA II: <\/strong><strong>Dep\u00f3sitos de ETRs associados a regolitos no Brasil: um novo p\u00f3lo produtor de refer\u00eancia mundial?<\/strong><\/span><br \/><em><strong>Lucy Takehara<\/strong><\/em><br \/><em>Pesquisadora em Geoci\u00eancias &#8211; SGB<\/em><\/p>\n<p><span style=\"color: #993300;\"><strong>Palestra III: <\/strong><strong>Pesquisa e explora\u00e7\u00e3o de pot\u00e1ssio no Brasil <\/strong><\/span><em><strong><br \/><\/strong><strong>Webster Mohriak<\/strong><\/em><br \/><em>Professor Dr. (UERJ)<\/em><strong><\/strong><em><strong><br \/><\/strong><\/em><\/p>\n<p><span style=\"color: #993300;\"><strong>Painel:<\/strong><\/span> Avan\u00e7os e desafios da economia circular na pesquisa mineral e minera\u00e7\u00e3o no Brasil<\/p>\n[\/et_pb_toggle][et_pb_toggle title=&#8221;Dia 19 de agosto&#8221; open_toggle_text_color=&#8221;#A6672E&#8221; open_toggle_background_color=&#8221;rgba(255,255,255,0.5)&#8221; closed_toggle_background_color=&#8221;#A6672E&#8221; icon_color=&#8221;#FFFFFF&#8221; use_icon_font_size=&#8221;on&#8221; icon_font_size=&#8221;29px&#8221; _builder_version=&#8221;4.27.4&#8243; _module_preset=&#8221;default&#8221; title_text_color=&#8221;#FFFFFF&#8221; title_font_size=&#8221;30px&#8221; global_colors_info=&#8221;{}&#8221;]\n<h3>Eixos tem\u00e1ticos:<\/h3>\n<h3><span style=\"color: #008080;\">III. A evolu\u00e7\u00e3o de sistemas minerais em prov\u00edncias metalogen\u00e9ticas do Brasil<\/span><\/h3>\n<h3><span style=\"color: #008080;\">IV. Dep\u00f3sitos minerais associados a sistemas magm\u00e1ticos, magm\u00e1ticos-hidrotermais e hidrotermais<\/span><\/h3>\n<p><em><strong><\/strong><\/em><\/p>\n<p><span style=\"color: #993300;\"><strong>Palestra IV: Sistemas m\u00e1fico-ultram\u00e1ficos mineralizados no Brasil com \u00eanfase no nordeste do Cr\u00e1ton S\u00e3o Francisco e suas poss\u00edveis conex\u00f5es<\/strong><\/span><br \/><em><strong>Lila Queiroz<br \/><\/strong>Servi\u00e7o Geol\u00f3gico do Brasil (SGB)<strong><br \/>Juliana Char\u00e3o<br \/><\/strong>Universidade Federal do Rio Grande do Sul (UFRGS)<br \/><\/em><\/p>\n<p><span style=\"color: #993300;\"><strong>Palestra V: <\/strong><strong>Sedimentary copper: mineral systems and its potential in Brazil<\/strong><\/span><strong><br \/><em>Leandro Silva<\/em><\/strong><em><strong><br \/><\/strong>Ivanhoe Mines &#8211; Exploration Manager, Angola<\/em><em><strong><br \/><\/strong><\/em><\/p>\n<p><span style=\"color: #993300;\"><strong>Palestra VI: Innovative Exploration Techniques: From Indicator Minerals and Regolith to Deep Geophysics and Machine Learning<\/strong><\/span><br \/><em><strong>Dra. Sandra Occhipinti<\/strong><\/em><br \/><em>Research Director Commonwealth Scientific and Industrial Research Organisation (CSIRO)\/Australia<\/em><\/p>\n<p><span style=\"color: #993300;\"><strong>Painel:<\/strong><\/span> Avan\u00e7os e novos desafios da Geologia Econ\u00f4mica no Brasil<\/p>\n[\/et_pb_toggle][et_pb_toggle title=&#8221;Dia 20 de agosto&#8221; open_toggle_text_color=&#8221;#A6672E&#8221; open_toggle_background_color=&#8221;rgba(255,255,255,0.5)&#8221; closed_toggle_background_color=&#8221;#A6672E&#8221; icon_color=&#8221;#FFFFFF&#8221; use_icon_font_size=&#8221;on&#8221; icon_font_size=&#8221;29px&#8221; _builder_version=&#8221;4.27.4&#8243; _module_preset=&#8221;default&#8221; title_text_color=&#8221;#FFFFFF&#8221; title_font_size=&#8221;30px&#8221; global_colors_info=&#8221;{}&#8221;]\n<h3>Eixos tem\u00e1ticos:<\/h3>\n<h3><span style=\"color: #008080;\">V. Ferramentas anal\u00edticas modernas e de quantifica\u00e7\u00e3o em Geoci\u00eancias para o estudo de processos geol\u00f3gicos e prospec\u00e7\u00e3o de dep\u00f3sitos minerais<\/span><\/h3>\n<h3><span style=\"color: #008080;\">VI. Novas fronteiras na descoberta de dep\u00f3sitos minerais: desafios geol\u00f3gicos e tecnol\u00f3gicos<\/span><\/h3>\n<p><em><strong><\/strong><\/em><\/p>\n<p><span style=\"color: #993300;\"><strong>Palestra VII: Ultrafine &amp; Landscape: Providing a step change for soil analyses and data analytics to enable the next generation of mineral discoveries<\/strong><\/span><br \/><em><strong>Dra. Anicia Henne<\/strong><\/em><br \/><em>Senior Research Scientist Commonwealth Scientific and Industrial Research Organization (CSIRO)\/Australia<\/em><\/p>\n<p><span style=\"color: #993300;\"><strong>Palestra VIII: <\/strong><strong>Investigations of Modern Vent Sites and the Feedback Loops Between These Natural Laboratories and Terrestrial VHMS Deposits<\/strong><\/span><br \/><em><strong>Stephen Roberts<\/strong><\/em><br \/><em>SEG\u00b4s Thayer Lindsley Visiting Lecturer<br \/>University of Southampton (UK)<\/em><\/p>\n<p><span style=\"color: #993300;\"><strong>Palestra IX:<\/strong><strong> Advances in global natural hydrogen research and exploration<\/strong><\/span><em><strong><br \/>Dr. Humberto Reis<\/strong><br \/>HR Consulting Energy and Geosciences\/UFMG<br \/>Brazilian representative at the Task 49 Natural Hydrogen (IEA\/OECD)<\/em><\/p>\n[\/et_pb_toggle][\/et_pb_column][\/et_pb_row][et_pb_row disabled_on=&#8221;on|on|on&#8221; _builder_version=&#8221;4.27.4&#8243; _module_preset=&#8221;default&#8221; custom_padding=&#8221;3px|||||&#8221; disabled=&#8221;on&#8221; global_colors_info=&#8221;{}&#8221;][et_pb_column type=&#8221;4_4&#8243; _builder_version=&#8221;4.27.4&#8243; _module_preset=&#8221;default&#8221; global_colors_info=&#8221;{}&#8221;][et_pb_text _builder_version=&#8221;4.27.4&#8243; _module_preset=&#8221;default&#8221; text_text_color=&#8221;#D99848&#8243; background_color=&#8221;#FAD79F&#8221; text_orientation=&#8221;center&#8221; custom_padding=&#8221;20px||20px||false|false&#8221; global_colors_info=&#8221;{}&#8221;]\n<p><strong>EM BREVE PROGRAMA\u00c7\u00c3O COMPLETA<\/strong><\/p>\n[\/et_pb_text][\/et_pb_column][\/et_pb_row][\/et_pb_section]\n","protected":false},"excerpt":{"rendered":"<p>A programa\u00e7\u00e3o do evento ser\u00e1 constitu\u00edda por palestras de pesquisadores nacionais e internacionais, apresenta\u00e7\u00f5es orais e sess\u00e3o p\u00f4ster norteadas pelos seguintes eixos tem\u00e1ticos:Eixos tem\u00e1ticos: I. Dep\u00f3sitos de minerais da transi\u00e7\u00e3o energ\u00e9tica e seguran\u00e7a alimentar: da g\u00eanese ao beneficiamento II. Avan\u00e7os na caracteriza\u00e7\u00e3o tecnol\u00f3gica de min\u00e9rios e na economia circular aplicada \u00e0 pesquisa e produ\u00e7\u00e3o mineral [&hellip;]<\/p>\n","protected":false},"author":1,"featured_media":0,"parent":0,"menu_order":0,"comment_status":"closed","ping_status":"closed","template":"","meta":{"_et_pb_use_builder":"on","_et_pb_old_content":"","_et_gb_content_width":"","footnotes":""},"class_list":["post-14","page","type-page","status-publish","hentry"],"_links":{"self":[{"href":"https:\/\/metalogenia.org.br\/2025\/wp-json\/wp\/v2\/pages\/14","targetHints":{"allow":["GET"]}}],"collection":[{"href":"https:\/\/metalogenia.org.br\/2025\/wp-json\/wp\/v2\/pages"}],"about":[{"href":"https:\/\/metalogenia.org.br\/2025\/wp-json\/wp\/v2\/types\/page"}],"author":[{"embeddable":true,"href":"https:\/\/metalogenia.org.br\/2025\/wp-json\/wp\/v2\/users\/1"}],"replies":[{"embeddable":true,"href":"https:\/\/metalogenia.org.br\/2025\/wp-json\/wp\/v2\/comments?post=14"}],"version-history":[{"count":57,"href":"https:\/\/metalogenia.org.br\/2025\/wp-json\/wp\/v2\/pages\/14\/revisions"}],"predecessor-version":[{"id":2290,"href":"https:\/\/metalogenia.org.br\/2025\/wp-json\/wp\/v2\/pages\/14\/revisions\/2290"}],"wp:attachment":[{"href":"https:\/\/metalogenia.org.br\/2025\/wp-json\/wp\/v2\/media?parent=14"}],"curies":[{"name":"wp","href":"https:\/\/api.w.org\/{rel}","templated":true}]}}