{"id":1115,"date":"2025-04-14T11:22:52","date_gmt":"2025-04-14T11:22:52","guid":{"rendered":"https:\/\/metalogenia.org.br\/2025\/?page_id=1115"},"modified":"2025-07-18T12:11:32","modified_gmt":"2025-07-18T12:11:32","slug":"excursao","status":"publish","type":"page","link":"https:\/\/metalogenia.org.br\/2025\/excursao\/","title":{"rendered":"EXCURS\u00c3O"},"content":{"rendered":"[et_pb_section fb_built=&#8221;1&#8243; fullwidth=&#8221;on&#8221; _builder_version=&#8221;4.27.4&#8243; _module_preset=&#8221;default&#8221; bottom_divider_color=&#8221;#fbfae8&#8243; bottom_divider_height=&#8221;50px&#8221; global_colors_info=&#8221;{}&#8221;][et_pb_fullwidth_header title=&#8221;EXCURS\u00c3O&#8221; _builder_version=&#8221;4.27.4&#8243; _module_preset=&#8221;default&#8221; title_font=&#8221;|800|||||||&#8221; title_text_align=&#8221;center&#8221; title_font_size=&#8221;48px&#8221; background_color=&#8221;#157176&#8243; background_image=&#8221;https:\/\/metalogenia.org.br\/2025\/wp-content\/uploads\/2025\/04\/topo-pag-internas.jpg&#8221; custom_padding=&#8221;55px||49px|||&#8221; title_font_size_tablet=&#8221;48px&#8221; title_font_size_phone=&#8221;33px&#8221; title_font_size_last_edited=&#8221;on|phone&#8221; title_text_shadow_style=&#8221;preset2&#8243; global_colors_info=&#8221;{}&#8221;][\/et_pb_fullwidth_header][\/et_pb_section][et_pb_section fb_built=&#8221;1&#8243; disabled_on=&#8221;on|on|on&#8221; _builder_version=&#8221;4.27.4&#8243; _module_preset=&#8221;default&#8221; background_image=&#8221;https:\/\/metalogenia.org.br\/2025\/wp-content\/uploads\/2025\/04\/bg-pedra-claro.jpg&#8221; parallax=&#8221;on&#8221; parallax_method=&#8221;off&#8221; background_blend=&#8221;multiply&#8221; custom_padding=&#8221;0px|||||&#8221; disabled=&#8221;on&#8221; global_colors_info=&#8221;{}&#8221;][et_pb_row _builder_version=&#8221;4.27.4&#8243; _module_preset=&#8221;default&#8221; custom_margin=&#8221;||||false|false&#8221; custom_padding=&#8221;||0px||false|false&#8221; global_colors_info=&#8221;{}&#8221;][et_pb_column type=&#8221;4_4&#8243; _builder_version=&#8221;4.27.4&#8243; _module_preset=&#8221;default&#8221; global_colors_info=&#8221;{}&#8221;][et_pb_divider color=&#8221;#D99848&#8243; divider_weight=&#8221;6px&#8221; _builder_version=&#8221;4.27.4&#8243; _module_preset=&#8221;default&#8221; custom_margin=&#8221;-27px||||false|false&#8221; custom_padding=&#8221;0px||0px||false|false&#8221; global_colors_info=&#8221;{}&#8221;][\/et_pb_divider][\/et_pb_column][\/et_pb_row][et_pb_row _builder_version=&#8221;4.27.4&#8243; _module_preset=&#8221;default&#8221; global_colors_info=&#8221;{}&#8221;][et_pb_column type=&#8221;4_4&#8243; _builder_version=&#8221;4.27.4&#8243; _module_preset=&#8221;default&#8221; global_colors_info=&#8221;{}&#8221;][et_pb_text _builder_version=&#8221;4.27.4&#8243; _module_preset=&#8221;default&#8221; header_3_text_align=&#8221;center&#8221; header_3_text_color=&#8221;#A6672E&#8221; global_colors_info=&#8221;{}&#8221;]\n<h3><span>Visita t\u00e9cnica a minas e dep\u00f3sitos do NE do Cr\u00e1ton S\u00e3o Francisco, com foco em mineraliza\u00e7\u00f5es de Cr, Ni, Cu e Au<\/span><\/h3>\n[\/et_pb_text][et_pb_button button_url=&#8221;https:\/\/forms.gle\/54SPkKgMPWAUY2aQ8&#8243; url_new_window=&#8221;on&#8221; button_text=&#8221;FA\u00c7A SUA PR\u00c9-INSCRI\u00c7\u00c3O! CLIQUE AQUI&#8221; button_alignment=&#8221;center&#8221; disabled_on=&#8221;on|on|on&#8221; _builder_version=&#8221;4.27.4&#8243; _module_preset=&#8221;default&#8221; custom_button=&#8221;on&#8221; button_text_size=&#8221;28px&#8221; button_text_color=&#8221;#FFFFFF&#8221; button_bg_color=&#8221;#157176&#8243; button_border_color=&#8221;#157176&#8243; button_border_radius=&#8221;27px&#8221; button_font=&#8221;|700|||||||&#8221; custom_margin=&#8221;14px|||||&#8221; button_text_size_tablet=&#8221;28px&#8221; button_text_size_phone=&#8221;20px&#8221; button_text_size_last_edited=&#8221;on|phone&#8221; disabled=&#8221;on&#8221; global_colors_info=&#8221;{}&#8221; button_text_color__hover_enabled=&#8221;on|hover&#8221; button_text_color__hover=&#8221;#FFFFFF&#8221; button_bg_color__hover_enabled=&#8221;on|hover&#8221; button_bg_color__hover=&#8221;#A6672E&#8221; button_bg_enable_color__hover=&#8221;on&#8221; button_border_color__hover_enabled=&#8221;on|hover&#8221; button_border_color__hover=&#8221;#A6672E&#8221;][\/et_pb_button][\/et_pb_column][\/et_pb_row][et_pb_row _builder_version=&#8221;4.27.4&#8243; _module_preset=&#8221;default&#8221; custom_padding=&#8221;3px|||||&#8221; global_colors_info=&#8221;{}&#8221;][et_pb_column type=&#8221;4_4&#8243; _builder_version=&#8221;4.27.4&#8243; _module_preset=&#8221;default&#8221; global_colors_info=&#8221;{}&#8221;][et_pb_text _builder_version=&#8221;4.27.4&#8243; _module_preset=&#8221;default&#8221; text_text_color=&#8221;#D99848&#8243; background_color=&#8221;#FAD79F&#8221; text_orientation=&#8221;center&#8221; custom_padding=&#8221;20px||20px||false|false&#8221; global_colors_info=&#8221;{}&#8221;]\n<p><strong>MAIS INFORMA\u00c7\u00d5ES EM BREVE<\/strong><\/p>\n[\/et_pb_text][\/et_pb_column][\/et_pb_row][\/et_pb_section][et_pb_section fb_built=&#8221;1&#8243; disabled_on=&#8221;off|off|off&#8221; _builder_version=&#8221;4.27.4&#8243; _module_preset=&#8221;default&#8221; background_image=&#8221;https:\/\/metalogenia.org.br\/2025\/wp-content\/uploads\/2025\/04\/bg-pedra-claro.jpg&#8221; parallax=&#8221;on&#8221; parallax_method=&#8221;off&#8221; background_blend=&#8221;multiply&#8221; custom_padding=&#8221;0px|||||&#8221; global_colors_info=&#8221;{}&#8221;][et_pb_row _builder_version=&#8221;4.27.4&#8243; _module_preset=&#8221;default&#8221; custom_margin=&#8221;||||false|false&#8221; custom_padding=&#8221;||0px||false|false&#8221; global_colors_info=&#8221;{}&#8221;][et_pb_column type=&#8221;4_4&#8243; _builder_version=&#8221;4.27.4&#8243; _module_preset=&#8221;default&#8221; global_colors_info=&#8221;{}&#8221;][et_pb_divider color=&#8221;#D99848&#8243; divider_weight=&#8221;6px&#8221; _builder_version=&#8221;4.27.4&#8243; _module_preset=&#8221;default&#8221; custom_margin=&#8221;-27px||||false|false&#8221; custom_padding=&#8221;0px||0px||false|false&#8221; global_colors_info=&#8221;{}&#8221;][\/et_pb_divider][\/et_pb_column][\/et_pb_row][et_pb_row _builder_version=&#8221;4.27.4&#8243; _module_preset=&#8221;default&#8221; global_colors_info=&#8221;{}&#8221;][et_pb_column type=&#8221;4_4&#8243; _builder_version=&#8221;4.27.4&#8243; _module_preset=&#8221;default&#8221; global_colors_info=&#8221;{}&#8221;][et_pb_text _builder_version=&#8221;4.27.4&#8243; _module_preset=&#8221;default&#8221; header_3_text_align=&#8221;center&#8221; header_3_text_color=&#8221;#FFFFFF&#8221; background_color=&#8221;#ff4747&#8243; hover_enabled=&#8221;0&#8243; global_colors_info=&#8221;{}&#8221; custom_padding=&#8221;10px||||false|false&#8221; sticky_enabled=&#8221;0&#8243;]\n<h3>INSCRI\u00c7\u00d5ES ENCERRADAS<\/h3>\n[\/et_pb_text][et_pb_text _builder_version=&#8221;4.27.4&#8243; _module_preset=&#8221;default&#8221; header_3_text_align=&#8221;center&#8221; header_3_text_color=&#8221;#A6672E&#8221; global_colors_info=&#8221;{}&#8221;]\n<h3>Excurs\u00e3o P\u00f3s-Simp\u00f3sio \u2013 21 a 24 de agosto<\/h3>\n<h3>Minas e Dep\u00f3sitos do Nordeste do Cr\u00e1ton S\u00e3o Francisco<\/h3>\n[\/et_pb_text][et_pb_text _builder_version=&#8221;4.27.4&#8243; _module_preset=&#8221;default&#8221; custom_margin=&#8221;||5px|||&#8221; global_colors_info=&#8221;{}&#8221;]\n<p>A excurs\u00e3o de campo \u201cMinas e Dep\u00f3sitos do Nordeste do Cr\u00e1ton S\u00e3o Francisco\u201d ter\u00e1 um roteiro estimulante, com visita a tr\u00eas \u00e1reas de relevante interesse mineral, nas quais operam minera\u00e7\u00f5es de Au, Cromo e Cu-Ni.<\/p>\n<p><span style=\"color: #993300;\"><strong>L\u00edderes da excurs\u00e3o:<\/strong><\/span> Eduardo Oliveira (ERO), Juliana Marques (UFRGS), Lila Queiroz (SGB)<\/p>\n<p><strong><span style=\"color: #993300;\">Datas:<\/span><\/strong><\/p>\n[\/et_pb_text][et_pb_text _builder_version=&#8221;4.27.4&#8243; _module_preset=&#8221;default&#8221; text_font=&#8221;|600|||||||&#8221; text_font_size=&#8221;17px&#8221; width=&#8221;84%&#8221; module_alignment=&#8221;center&#8221; custom_padding=&#8221;7px|||||&#8221; global_colors_info=&#8221;{}&#8221;]\n<div class=\"su-table su-table-alternate\">\n<table>\n<tbody>\n<tr>\n<td style=\"text-align: center;width: 200px\">Sa\u00edda e retorno<\/td>\n<td style=\"text-align: center\">Sa\u00edda: 21 de agosto, por volta das 6h, de Salvador (Hotel Fiesta)<br \/>Retorno: 24 de agosto, final da tarde\/noite, Salvador (Hotel Fiesta)<\/td>\n<\/tr>\n<\/tbody>\n<\/table>\n<\/div>\n[\/et_pb_text][et_pb_text _builder_version=&#8221;4.27.4&#8243; _module_preset=&#8221;default&#8221; custom_margin=&#8221;||13px|||&#8221; global_colors_info=&#8221;{}&#8221;]\n<p><span style=\"color: #993300;\"><strong>Roteiro programado<\/strong><\/span><\/p>\n[\/et_pb_text][et_pb_text _builder_version=&#8221;4.27.4&#8243; _module_preset=&#8221;default&#8221; text_font=&#8221;|600|||||||&#8221; text_font_size=&#8221;17px&#8221; custom_padding=&#8221;6px|||||&#8221; global_colors_info=&#8221;{}&#8221;]\n<div class=\"su-table su-table-alternate\">\n<table>\n<tbody>\n<tr>\n<td style=\"text-align: center;width: 106px\"><strong>Data<\/strong><\/td>\n<td style=\"text-align: center\"><strong>Atividade<\/strong><\/td>\n<\/tr>\n<tr>\n<td style=\"text-align: center;width: 106px\"><strong>21\/08\/2025<\/strong><\/td>\n<td style=\"text-align: left\">Sa\u00edda \u00e0s 6h com chegada prevista entre 12h e 13h<br \/>Visita \u00e0 Mina Santa Luz \u2013 EquinoxGold; deslocamento (~1h30) para pernoite em Cansan\u00e7\u00e3o<\/td>\n<\/tr>\n<tr>\n<td style=\"text-align: center;width: 106px\"><strong>22\/08\/2025<\/strong><\/td>\n<td style=\"text-align: left\">Sa\u00edda \u00e0s 7h30 com chegada 9:00h<br \/>Visita \u00e0 Mina Ipueira (FERBASA) \u2013 afloramentos, cava e testemunhos do dep\u00f3sito de Cr e de Ni sulfetado;<br \/>deslocamento (~1h30) para pernoite em Pilar<\/td>\n<\/tr>\n<tr>\n<td style=\"text-align: center;width: 106px\"><strong>23\/08\/2025<\/strong><\/td>\n<td style=\"text-align: left\">Visita \u00e0s opera\u00e7\u00f5es da ERO Copper; pernoite em Pilar<\/td>\n<\/tr>\n<tr>\n<td style=\"text-align: center;width: 106px\"><strong>24\/08\/2025<\/strong><\/td>\n<td style=\"text-align: left\">Retorno \u00e0 Salvador com percurso estimado de 8h<\/td>\n<\/tr>\n<\/tbody>\n<\/table>\n<\/div>\n[\/et_pb_text][et_pb_text _builder_version=&#8221;4.27.4&#8243; _module_preset=&#8221;default&#8221; custom_margin=&#8221;||10px|||&#8221; global_colors_info=&#8221;{}&#8221;]\n<ul>\n<li>Haver\u00e1 op\u00e7\u00e3o de deslocamento at\u00e9 Petrolina para participantes que desejarem retornar a partir dessa localidade.<\/li>\n<\/ul>\n<p>Por se tratar de visitas a empresas privadas, a programa\u00e7\u00e3o poder\u00e1 sofrer altera\u00e7\u00f5es. As empresas solicitam: cart\u00e3o de vacina\u00e7\u00e3o dos visitantes com o ciclo completo de vacina\u00e7\u00e3o contra a COVID \u2013 19; os visitantes devem usar botas, cal\u00e7as e camisas (sem decotes, sem barriga de fora ou costas nuas) apropriadas para campo; recomenda-se levar perneiras.<\/p>\n[\/et_pb_text][et_pb_text _builder_version=&#8221;4.27.4&#8243; _module_preset=&#8221;default&#8221; text_font=&#8221;|600|||||||&#8221; text_font_size=&#8221;17px&#8221; text_orientation=&#8221;center&#8221; width=&#8221;52%&#8221; module_alignment=&#8221;center&#8221; custom_padding=&#8221;6px|||||&#8221; global_colors_info=&#8221;{}&#8221;]\n<div class=\"su-table su-table-alternate\">\n<table>\n<tbody>\n<tr>\n<td style=\"width: 200px;text-align: left\"><strong>Categoria<\/strong><\/td>\n<td style=\"text-align: center\"><strong>Valores<\/strong><\/td>\n<\/tr>\n<tr>\n<td style=\"width: 200px;text-align: left\"><strong>Profissional<\/strong><\/td>\n<td style=\"text-align: center\">R$ 1.560,00<\/td>\n<\/tr>\n<tr>\n<td style=\"width: 200px;text-align: left\"><strong>Estudante*<\/strong><\/td>\n<td style=\"text-align: center\">R$ 700,00<\/td>\n<\/tr>\n<\/tbody>\n<\/table>\n<\/div>\n[\/et_pb_text][et_pb_text _builder_version=&#8221;4.27.4&#8243; _module_preset=&#8221;default&#8221; custom_margin=&#8221;||10px|||&#8221; global_colors_info=&#8221;{}&#8221;]\n<p><em>*Vagas limitadas. O valor custeia deslocamento de micro-\u00f4nibus para as visitas e hospedagem com caf\u00e9 da manh\u00e3 (estudantes ser\u00e3o acomodados em quartos duplos). Despesas com alimenta\u00e7\u00e3o devem ser custeadas pelos participantes.<\/em><\/p>\n[\/et_pb_text][et_pb_text _builder_version=&#8221;4.27.4&#8243; _module_preset=&#8221;default&#8221; custom_margin=&#8221;||10px|||&#8221; global_colors_info=&#8221;{}&#8221;]\n<p><strong>As vagas ser\u00e3o preenchidas por <span style=\"text-decoration: underline;\">ordem de inscri\u00e7\u00e3o<\/span><\/strong>. Ao serem preenchidas, os <strong>demais inscritos ficar\u00e3o em lista de espera<\/strong>. A informa\u00e7\u00e3o do <strong>status ser\u00e1 encaminhada por email<\/strong> e o inscrito que obtiver vaga receber\u00e1 via e-mail as instru\u00e7\u00f5es para pagamento.<\/p>\n<p>Estamos animados para dividir esta oportunidade \u00fanica de explorar \u00e1reas de grande relev\u00e2ncia geol\u00f3gica. Temos a certeza de que vamos aprofundar nossos conhecimentos t\u00e9cnicos e trocar experi\u00eancias in\u00e9ditas.<\/p>\n[\/et_pb_text][et_pb_button url_new_window=&#8221;on&#8221; button_text=&#8221;INSCRI\u00c7\u00d5ES ENCERRADAS&#8221; button_alignment=&#8221;center&#8221; disabled_on=&#8221;on|on|on&#8221; _builder_version=&#8221;4.27.4&#8243; _module_preset=&#8221;default&#8221; custom_button=&#8221;on&#8221; button_text_size=&#8221;28px&#8221; button_text_color=&#8221;#FFFFFF&#8221; button_bg_color=&#8221;#ff422d&#8221; button_border_color=&#8221;#157176&#8243; button_border_radius=&#8221;27px&#8221; button_font=&#8221;|700|||||||&#8221; custom_margin=&#8221;38px||5px|||&#8221; button_text_size_tablet=&#8221;28px&#8221; button_text_size_phone=&#8221;20px&#8221; button_text_size_last_edited=&#8221;on|phone&#8221; disabled=&#8221;on&#8221; global_colors_info=&#8221;{}&#8221; button_text_color__hover_enabled=&#8221;on|hover&#8221; button_text_color__hover=&#8221;#FFFFFF&#8221; button_bg_color__hover_enabled=&#8221;on|desktop&#8221; button_bg_color__hover=&#8221;#ff4747&#8243; button_bg_enable_color__hover=&#8221;on&#8221; button_border_color__hover_enabled=&#8221;on|hover&#8221; button_border_color__hover=&#8221;#A6672E&#8221;][\/et_pb_button][et_pb_text _builder_version=&#8221;4.27.4&#8243; _module_preset=&#8221;default&#8221; custom_margin=&#8221;43px||10px|||&#8221; custom_padding=&#8221;||36px|||&#8221; global_colors_info=&#8221;{}&#8221;]\n<p><span style=\"color: #993300;\"><strong>Contexto Geol\u00f3gico da Visita<\/strong><\/span><\/p>\n<p>O Cr\u00e1ton do S\u00e3o Francisco \u00e9 considerado resultado da colagem de n\u00facleos arqueanos durante o Paleoproterozoico. Deste evento formou-se o cintur\u00e3o orog\u00eanico Itabuna-Salvador-Cura\u00e7\u00e1, com metamorfismo que atingiu altas temperaturas. A parte norte deste cintur\u00e3o hospeda diversos sistemas m\u00e1fico-ultram\u00e1ficos e mineraliza\u00e7\u00f5es de destaque, como os sistemas de Cu e Ni do Vale do Cura\u00e7\u00e1 e os do Distrito Cromit\u00edfero do Vale do Jacurici que no limite leste do Cintur\u00e3o. Ambos ser\u00e3o visitados nesta excurs\u00e3o com oportunidade de reconhecer tamb\u00e9m aspectos da geologia regional. Al\u00e9m disso, no Bloco Serrinha, ocorrem dep\u00f3sitos de ouro significativos, relacionadas a sistemas considerados como orog\u00eanicos e associados a <em>greenstone belts<\/em>, como o do Rio Itapicuru, por onde ser\u00e1 in\u00edcio o roteiro. A figura 1 exibe, de forma simplificada a localiza\u00e7\u00e3o dos sistemas a serem visitados na excurs\u00e3o.<\/p>\n[\/et_pb_text][et_pb_image src=&#8221;https:\/\/metalogenia.org.br\/2025\/wp-content\/uploads\/2025\/06\/contexto-geologico-excursao-206&#215;300.jpg&#8221; show_in_lightbox=&#8221;on&#8221; use_overlay=&#8221;on&#8221; overlay_icon_color=&#8221;#FFFFFF&#8221; hover_overlay_color=&#8221;rgba(21,113,118,0.5)&#8221; align=&#8221;center&#8221; _builder_version=&#8221;4.27.4&#8243; _module_preset=&#8221;default&#8221; global_colors_info=&#8221;{}&#8221;][\/et_pb_image][et_pb_text _builder_version=&#8221;4.27.4&#8243; _module_preset=&#8221;default&#8221; text_font=&#8221;||on||||||&#8221; text_font_size=&#8221;16px&#8221; text_orientation=&#8221;center&#8221; custom_margin=&#8221;||33px|||&#8221; global_colors_info=&#8221;{}&#8221;]\n<p>Figura 1. Mapa simplificado posicionando as minas a serem visitadas.<\/p>\n[\/et_pb_text][et_pb_divider color=&#8221;#157176&#8243; divider_position=&#8221;center&#8221; _builder_version=&#8221;4.27.4&#8243; _module_preset=&#8221;default&#8221; global_colors_info=&#8221;{}&#8221;][\/et_pb_divider][et_pb_text _builder_version=&#8221;4.27.4&#8243; _module_preset=&#8221;default&#8221; custom_margin=&#8221;||10px|||&#8221; global_colors_info=&#8221;{}&#8221;]\n<p><span style=\"color: #993300;\"><strong>Dia 21\/08 \u2013 Mina Santa Luz \u2013 Au (Equinox Gold)<\/strong><\/span><\/p>\n<p>A Mina Santa Luz, atualmente operada pela Equinox Gold, localiza-se no Distrito Aur\u00edfero de Maria Preta, na regi\u00e3o centro-norte do Estado da Bahia, cerca de 30 km ao norte da cidade de Santa Luz. Est\u00e1 inserida no Greenstone Belt do Rio Itapicuru, uma sequ\u00eancia vulcanossedimentar paleoproterozoica situada na por\u00e7\u00e3o nordeste do Cr\u00e1ton do S\u00e3o Francisco (CSF). O greenstone foi afetado por tr\u00eas eventos metam\u00f3rficos, incluindo metamorfismo de f\u00e1cies xisto verde a anfibolito baixo e metamorfismo de contato associado a intrus\u00f5es granitoides. Estruturalmente, o cintur\u00e3o apresenta orienta\u00e7\u00e3o predominantemente N-S, com inflex\u00f5es para E-W na por\u00e7\u00e3o sul, estando limitado a leste por falhas que o separam da Bacia de Tucano e a sudoeste em contato tect\u00f4nico com o Complexo granul\u00edtico Arqueano Cara\u00edba.<\/p>\n<p>A mineraliza\u00e7\u00e3o de ouro em Santa Luz, interpretada como um dep\u00f3sito do tipo orog\u00eanico, est\u00e1 hospedada nas litologias da unidade vulc\u00e2nica intermedi\u00e1ria a f\u00e9lsica, associada a veios de quartzo-carbonato-sulfeto e em brechas. Foi originalmente explorada pela Companhia Vale do Rio Doce e Companhia Baiana de Pesquisa Mineral (CBPM) nas d\u00e9cadas de 1980 e 1990, destacando-se os dep\u00f3sitos C1, Antas e Mansinha. Ap\u00f3s uma opera\u00e7\u00e3o inicial entre 2013 e 2014, a mina foi reaberta em 2022 pela Equinox Gold, com a ado\u00e7\u00e3o do processo de recupera\u00e7\u00e3o resin-in-leach (RIL), que solucionou os problemas metal\u00fargicos anteriores e marcou a segunda bem-sucedida constru\u00e7\u00e3o de mina da empresa no Brasil. Nesta visita, os participantes ter\u00e3o a oportunidade de observar aspectos relevantes deste dep\u00f3sito de ouro.<\/p>\n[\/et_pb_text][et_pb_divider color=&#8221;#157176&#8243; divider_position=&#8221;center&#8221; _builder_version=&#8221;4.27.4&#8243; _module_preset=&#8221;default&#8221; global_colors_info=&#8221;{}&#8221;][\/et_pb_divider][et_pb_text _builder_version=&#8221;4.27.4&#8243; _module_preset=&#8221;default&#8221; custom_margin=&#8221;||10px|||&#8221; global_colors_info=&#8221;{}&#8221;]\n<p><span style=\"color: #993300;\"><strong>Dia 22\/08 \u2013 Vale do Jacurici \u2013 Distrito Cromit\u00edfero (FERBASA)<\/strong><\/span><\/p>\n<p>O Complexo m\u00e1fico-ultram\u00e1fico de Jacurici, de idade paleoproterozoica, tem sido explorado e lavrado para cromita nas \u00faltimas d\u00e9cadas pela Companhia de Ferro Ligas da Bahia (FERBASA). Hospeda o principal dep\u00f3sito de cromita do Brasil, e o min\u00e9rio se encontra organizado em uma \u00fanica camada espessa de cromitito (com 8 metros de espessura). A intrus\u00e3o \u00e9 formada por cumulados majoritariamente ultram\u00e1ficos, \u00e9 relativamente pouco espessa (com at\u00e9 300 metros de espessura) e o sistema intrusivo est\u00e1 metamorfisado em alto grau e tectonicamente rompido, com diferentes segmentos orientados na dire\u00e7\u00e3o N-S ao longo de um corredor com cerca de 120 km de comprimento e 20\u201330 km de largura.<\/p>\n<p>O Complexo possui 15 minas ao longo deste corredor N-S, sendo que na por\u00e7\u00e3o intermedi\u00e1ria\/sul localiza-se a Mina de Ipueira (Andorinha\/BA), que come\u00e7ou a operar em 1973 e permanece como o principal ativo, atualmente com uma minera\u00e7\u00e3o subterr\u00e2nea moderna que utiliza o m\u00e9todo sublevel caving e sublevel open stope. Na por\u00e7\u00e3o norte, localiza-se o segmento V\u00e1rzea do Macaco, que apresenta a mesma camada espessa de cromitito, j\u00e1 minerada no passado em cava a c\u00e9u aberto, e que hospeda tamb\u00e9m mineraliza\u00e7\u00e3o sulfetada de Ni-Cu.<\/p>\n<p>Durante a visita, ser\u00e3o observadas fei\u00e7\u00f5es de campo por meio da visita \u00e0 cava antiga e a afloramentos. Tamb\u00e9m ser\u00e3o analisados testemunhos do segmento Ipueira, com acesso \u00e0 completa estratigrafia da intrus\u00e3o e mineraliza\u00e7\u00e3o de cromo, bem como testemunhos do setor norte para visualiza\u00e7\u00e3o da mineraliza\u00e7\u00e3o sulfetada.<\/p>\n[\/et_pb_text][et_pb_divider color=&#8221;#157176&#8243; divider_position=&#8221;center&#8221; _builder_version=&#8221;4.27.4&#8243; _module_preset=&#8221;default&#8221; global_colors_info=&#8221;{}&#8221;][\/et_pb_divider][et_pb_text _builder_version=&#8221;4.27.4&#8243; _module_preset=&#8221;default&#8221; custom_margin=&#8221;||62px|||&#8221; global_colors_info=&#8221;{}&#8221;]\n<p><span style=\"color: #993300;\"><strong>Dia 23\/08 \u2013 Sistemas de Cu e Ni do Vale do Cura\u00e7\u00e1 (Ero Copper)<\/strong><\/span><\/p>\n<p>Na por\u00e7\u00e3o norte do or\u00f3geno ISC, os membros da excurs\u00e3o de campo do VI Simp\u00f3sio Brasileiro de Metalogenia ter\u00e3o a oportunidade de visitar uma intrus\u00e3o m\u00e1fico-ultram\u00e1fica mineralizada a cobre que foi lavrada pela Minera\u00e7\u00e3o Cara\u00edba (hoje Ero Copper) na d\u00e9cada de 2000, bem como de analisar alguns furos mineralizados dos sistemas de Cu e Ni do Vale do Cura\u00e7\u00e1.<\/p>\n<p>Na visita \u00e0 Mina de Su\u00e7uarana, os participantes poder\u00e3o observar as rela\u00e7\u00f5es de contato da rocha ultram\u00e1fica hospedeira da mineraliza\u00e7\u00e3o de cobre com o embasamento granul\u00edtico do Complexo Cara\u00edba. Tamb\u00e9m ser\u00e1 poss\u00edvel observar a textura, mineralogia e estruturas presentes na intrus\u00e3o m\u00e1fico-ultram\u00e1fica. J\u00e1 no galp\u00e3o de testemunhos, os participantes ter\u00e3o a oportunidade de examinar furos de testemunhos diamantados mineralizados em cobre e n\u00edquel que ocorrem no Vale do Cura\u00e7\u00e1.<\/p>\n[\/et_pb_text][et_pb_text _builder_version=&#8221;4.27.4&#8243; _module_preset=&#8221;default&#8221; custom_margin=&#8221;||51px|||&#8221; global_colors_info=&#8221;{}&#8221;]\n<p><strong><span style=\"color: #008080;\">Comiss\u00e3o de Organiza\u00e7\u00e3o da Excurs\u00e3o:<\/span> <\/strong>Juliana Marques (UFRGS), Lila Queiroz (SGB), Eduardo Oliveira (Ero Copper), Luis Fernando Souza (CBPM), Beatriz Andrade (SEG Students Committee\/AngloGold Ashanti) e Adriana Jacomini (SEG Students Committee\/UFRGS)<\/p>\n[\/et_pb_text][et_pb_image src=&#8221;https:\/\/metalogenia.org.br\/2025\/wp-content\/uploads\/2025\/06\/logos-excursao.jpg&#8221; _builder_version=&#8221;4.27.4&#8243; _module_preset=&#8221;default&#8221; global_colors_info=&#8221;{}&#8221;][\/et_pb_image][\/et_pb_column][\/et_pb_row][\/et_pb_section]\n","protected":false},"excerpt":{"rendered":"<p>Visita t\u00e9cnica a minas e dep\u00f3sitos do NE do Cr\u00e1ton S\u00e3o Francisco, com foco em mineraliza\u00e7\u00f5es de Cr, Ni, Cu e AuMAIS INFORMA\u00c7\u00d5ES EM BREVEINSCRI\u00c7\u00d5ES ENCERRADASExcurs\u00e3o P\u00f3s-Simp\u00f3sio \u2013 21 a 24 de agosto Minas e Dep\u00f3sitos do Nordeste do Cr\u00e1ton S\u00e3o FranciscoA excurs\u00e3o de campo \u201cMinas e Dep\u00f3sitos do Nordeste do Cr\u00e1ton S\u00e3o Francisco\u201d ter\u00e1 [&hellip;]<\/p>\n","protected":false},"author":1,"featured_media":0,"parent":0,"menu_order":0,"comment_status":"closed","ping_status":"closed","template":"","meta":{"_et_pb_use_builder":"on","_et_pb_old_content":"","_et_gb_content_width":"","footnotes":""},"class_list":["post-1115","page","type-page","status-publish","hentry"],"_links":{"self":[{"href":"https:\/\/metalogenia.org.br\/2025\/wp-json\/wp\/v2\/pages\/1115","targetHints":{"allow":["GET"]}}],"collection":[{"href":"https:\/\/metalogenia.org.br\/2025\/wp-json\/wp\/v2\/pages"}],"about":[{"href":"https:\/\/metalogenia.org.br\/2025\/wp-json\/wp\/v2\/types\/page"}],"author":[{"embeddable":true,"href":"https:\/\/metalogenia.org.br\/2025\/wp-json\/wp\/v2\/users\/1"}],"replies":[{"embeddable":true,"href":"https:\/\/metalogenia.org.br\/2025\/wp-json\/wp\/v2\/comments?post=1115"}],"version-history":[{"count":17,"href":"https:\/\/metalogenia.org.br\/2025\/wp-json\/wp\/v2\/pages\/1115\/revisions"}],"predecessor-version":[{"id":1516,"href":"https:\/\/metalogenia.org.br\/2025\/wp-json\/wp\/v2\/pages\/1115\/revisions\/1516"}],"wp:attachment":[{"href":"https:\/\/metalogenia.org.br\/2025\/wp-json\/wp\/v2\/media?parent=1115"}],"curies":[{"name":"wp","href":"https:\/\/api.w.org\/{rel}","templated":true}]}}